{"id":1229,"date":"2022-11-28T23:45:56","date_gmt":"2022-11-28T23:45:56","guid":{"rendered":"https:\/\/benediktschmid.ch\/?page_id=1229"},"modified":"2025-02-25T18:42:20","modified_gmt":"2025-02-25T18:42:20","slug":"junge-mitte","status":"publish","type":"page","link":"https:\/\/benediktschmid.ch\/?page_id=1229","title":{"rendered":"Junge Mitte"},"content":{"rendered":"\t\t<div data-elementor-type=\"wp-page\" data-elementor-id=\"1229\" class=\"elementor elementor-1229\" data-elementor-post-type=\"page\">\n\t\t\t\t\t\t<section class=\"elementor-section elementor-top-section elementor-element elementor-element-60db84b elementor-section-boxed elementor-section-height-default elementor-section-height-default\" data-id=\"60db84b\" data-element_type=\"section\" data-e-type=\"section\" data-settings=\"{&quot;background_background&quot;:&quot;classic&quot;}\">\n\t\t\t\t\t\t<div class=\"elementor-container elementor-column-gap-default\">\n\t\t\t\t\t<div class=\"elementor-column elementor-col-100 elementor-top-column elementor-element elementor-element-97a996d\" data-id=\"97a996d\" data-element_type=\"column\" data-e-type=\"column\">\n\t\t\t<div class=\"elementor-widget-wrap elementor-element-populated\">\n\t\t\t\t\t\t<div class=\"elementor-element elementor-element-1087d7c elementor-widget elementor-widget-spacer\" data-id=\"1087d7c\" data-element_type=\"widget\" data-e-type=\"widget\" data-widget_type=\"spacer.default\">\n\t\t\t\t<div class=\"elementor-widget-container\">\n\t\t\t\t\t\t\t<div class=\"elementor-spacer\">\n\t\t\t<div class=\"elementor-spacer-inner\"><\/div>\n\t\t<\/div>\n\t\t\t\t\t\t<\/div>\n\t\t\t\t<\/div>\n\t\t\t\t\t<\/div>\n\t\t<\/div>\n\t\t\t\t\t<\/div>\n\t\t<\/section>\n\t\t\t\t<section class=\"elementor-section elementor-top-section elementor-element elementor-element-2ecd7a4 elementor-section-height-min-height elementor-section-boxed elementor-section-height-default elementor-section-items-middle\" data-id=\"2ecd7a4\" data-element_type=\"section\" data-e-type=\"section\" data-settings=\"{&quot;background_background&quot;:&quot;classic&quot;}\">\n\t\t\t\t\t\t\t<div class=\"elementor-background-overlay\"><\/div>\n\t\t\t\t\t\t\t<div class=\"elementor-container elementor-column-gap-default\">\n\t\t\t\t\t<div class=\"elementor-column elementor-col-100 elementor-top-column elementor-element elementor-element-540bbb5\" data-id=\"540bbb5\" data-element_type=\"column\" data-e-type=\"column\">\n\t\t\t<div class=\"elementor-widget-wrap elementor-element-populated\">\n\t\t\t\t\t\t<div class=\"elementor-element elementor-element-b745119 elementor-widget elementor-widget-heading\" data-id=\"b745119\" data-element_type=\"widget\" data-e-type=\"widget\" data-widget_type=\"heading.default\">\n\t\t\t\t<div class=\"elementor-widget-container\">\n\t\t\t\t\t<h1 class=\"elementor-heading-title elementor-size-default\">Junge mitte<\/h1>\t\t\t\t<\/div>\n\t\t\t\t<\/div>\n\t\t\t\t\t<\/div>\n\t\t<\/div>\n\t\t\t\t\t<\/div>\n\t\t<\/section>\n\t\t\t\t<section class=\"elementor-section elementor-top-section elementor-element elementor-element-246b238 elementor-section-boxed elementor-section-height-default elementor-section-height-default\" data-id=\"246b238\" data-element_type=\"section\" data-e-type=\"section\" data-settings=\"{&quot;background_background&quot;:&quot;classic&quot;}\">\n\t\t\t\t\t\t<div class=\"elementor-container elementor-column-gap-default\">\n\t\t\t\t\t<div class=\"elementor-column elementor-col-100 elementor-top-column elementor-element elementor-element-6e32a28\" data-id=\"6e32a28\" data-element_type=\"column\" data-e-type=\"column\">\n\t\t\t<div class=\"elementor-widget-wrap elementor-element-populated\">\n\t\t\t\t\t\t<div class=\"elementor-element elementor-element-1e05207 elementor-widget-divider--view-line elementor-widget elementor-widget-divider\" data-id=\"1e05207\" data-element_type=\"widget\" data-e-type=\"widget\" data-widget_type=\"divider.default\">\n\t\t\t\t<div class=\"elementor-widget-container\">\n\t\t\t\t\t\t\t<div class=\"elementor-divider\">\n\t\t\t<span class=\"elementor-divider-separator\">\n\t\t\t\t\t\t<\/span>\n\t\t<\/div>\n\t\t\t\t\t\t<\/div>\n\t\t\t\t<\/div>\n\t\t\t\t<div class=\"elementor-element elementor-element-23d4e45 elementor-widget elementor-widget-heading\" data-id=\"23d4e45\" data-element_type=\"widget\" data-e-type=\"widget\" data-widget_type=\"heading.default\">\n\t\t\t\t<div class=\"elementor-widget-container\">\n\t\t\t\t\t<h2 class=\"elementor-heading-title elementor-size-default\">Du bEni wiEsO biScH dU iDe miTTi?<\/h2>\t\t\t\t<\/div>\n\t\t\t\t<\/div>\n\t\t\t\t<section class=\"elementor-section elementor-inner-section elementor-element elementor-element-8ce919a elementor-section-content-middle elementor-section-boxed elementor-section-height-default elementor-section-height-default\" data-id=\"8ce919a\" data-element_type=\"section\" data-e-type=\"section\">\n\t\t\t\t\t\t<div class=\"elementor-container elementor-column-gap-wide\">\n\t\t\t\t\t<div class=\"elementor-column elementor-col-50 elementor-inner-column elementor-element elementor-element-b61d43e\" data-id=\"b61d43e\" data-element_type=\"column\" data-e-type=\"column\">\n\t\t\t<div class=\"elementor-widget-wrap elementor-element-populated\">\n\t\t\t\t\t\t<div class=\"elementor-element elementor-element-157fc75 elementor-widget elementor-widget-text-editor\" data-id=\"157fc75\" data-element_type=\"widget\" data-e-type=\"widget\" data-widget_type=\"text-editor.default\">\n\t\t\t\t<div class=\"elementor-widget-container\">\n\t\t\t\t\t\t\t\t\t<p>Im Vorfeld der Eidgen\u00f6ssischen Wahlen 2019 habe ich ein <a href=\"https:\/\/www.instagram.com\/tv\/B2TXOW5gtuD\/?utm_source=ig_web_copy_link\">NZZ-Interview<\/a> von Sarah B\u00fcnter gesehen, in dem sie die JCVP vorgestellt hat. Auch wenn ich reformiert bin interessierte mich das C nicht. Entscheidend war ihre freundliche und gelassene Art ein Interview zu geben ohne auf eine andere Partei zu schiessen. Eine der Fragen war: &#8222;Welche Parteien braucht die Schweiz nicht?&#8220;. Als Sarah diese mit: &#8222;Wir brauchen alle Parteien! Und wenn dann jene ganz an beiden Pol-Enden&#8220; beantwortete, \u00fcberzeugte mich dies mich anzumelden. Mein erster physischer Anlass war im Sommer 2020 eine Delegiertenversammlung in Basel. Wir fassten die Parole zur Konzernverantwortungsinitiative. Ich war \u00fcberw\u00e4ltigt von der Diskussionskultur und der enormen Fachkompetenz der Mitglieder. Auf der R\u00fcckfahrt lernte ich Marc R\u00fcdis\u00fcli, heute Pr\u00e4sident der Jungen Mitte Schweiz, kennen.<\/p>\n<h6><strong>Um es kurz zu fassen:<\/strong><\/h6>\n<h6><strong>Ich bin in der Jungen Mitte wegen dem gemeinsamen Willen f\u00fcr reale Probleme realistische L\u00f6sungen zu konzipieren.<\/strong><\/h6>\t\t\t\t\t\t\t\t<\/div>\n\t\t\t\t<\/div>\n\t\t\t\t\t<\/div>\n\t\t<\/div>\n\t\t\t\t<div class=\"elementor-column elementor-col-50 elementor-inner-column elementor-element elementor-element-9cf7437\" data-id=\"9cf7437\" data-element_type=\"column\" data-e-type=\"column\">\n\t\t\t<div class=\"elementor-widget-wrap elementor-element-populated\">\n\t\t\t\t\t\t<div class=\"elementor-element elementor-element-d47741d elementor--h-position-center elementor--v-position-middle elementor-pagination-position-inside elementor-widget elementor-widget-slides\" data-id=\"d47741d\" data-element_type=\"widget\" data-e-type=\"widget\" data-settings=\"{&quot;navigation&quot;:&quot;dots&quot;,&quot;transition&quot;:&quot;fade&quot;,&quot;autoplay&quot;:&quot;yes&quot;,&quot;pause_on_hover&quot;:&quot;yes&quot;,&quot;pause_on_interaction&quot;:&quot;yes&quot;,&quot;autoplay_speed&quot;:5000,&quot;infinite&quot;:&quot;yes&quot;,&quot;transition_speed&quot;:500}\" data-widget_type=\"slides.default\">\n\t\t\t\t<div class=\"elementor-widget-container\">\n\t\t\t\t\t\t\t\t\t<div class=\"elementor-swiper\">\n\t\t\t\t\t<div class=\"elementor-slides-wrapper elementor-main-swiper swiper\" role=\"region\" aria-roledescription=\"carousel\" aria-label=\"Slider\" dir=\"ltr\" data-animation=\"fadeInUp\">\n\t\t\t\t<div class=\"swiper-wrapper elementor-slides\">\n\t\t\t\t\t\t\t\t\t\t<div class=\"elementor-repeater-item-4cf8b94 swiper-slide\" role=\"group\" aria-roledescription=\"slide\"><div class=\"swiper-slide-bg\" role=\"img\"><\/div><div class=\"swiper-slide-inner\" ><div class=\"swiper-slide-contents\"><\/div><\/div><\/div><div class=\"elementor-repeater-item-ea38b88 swiper-slide\" role=\"group\" aria-roledescription=\"slide\"><div class=\"swiper-slide-bg\" role=\"img\"><\/div><div class=\"swiper-slide-inner\" ><div class=\"swiper-slide-contents\"><\/div><\/div><\/div><div class=\"elementor-repeater-item-12d3b74 swiper-slide\" role=\"group\" aria-roledescription=\"slide\"><div class=\"swiper-slide-bg\" role=\"img\"><\/div><div class=\"swiper-slide-inner\" ><div class=\"swiper-slide-contents\"><\/div><\/div><\/div><div class=\"elementor-repeater-item-961844d swiper-slide\" role=\"group\" aria-roledescription=\"slide\"><div class=\"swiper-slide-bg\" role=\"img\"><\/div><div class=\"swiper-slide-inner\" ><div class=\"swiper-slide-contents\"><\/div><\/div><\/div><div class=\"elementor-repeater-item-69ed800 swiper-slide\" role=\"group\" aria-roledescription=\"slide\"><div class=\"swiper-slide-bg\" role=\"img\"><\/div><div class=\"swiper-slide-inner\" ><div class=\"swiper-slide-contents\"><\/div><\/div><\/div>\t\t\t\t<\/div>\n\t\t\t\t\t\t\t\t\t\t\t\t\t\t\t\t\t\t\t\t<div class=\"swiper-pagination\"><\/div>\n\t\t\t\t\t\t\t\t\t\t\t\t<\/div>\n\t\t\t\t<\/div>\n\t\t\t\t\t\t\t\t<\/div>\n\t\t\t\t<\/div>\n\t\t\t\t\t<\/div>\n\t\t<\/div>\n\t\t\t\t\t<\/div>\n\t\t<\/section>\n\t\t\t\t<section class=\"elementor-section elementor-inner-section elementor-element elementor-element-07a0683 elementor-section-content-middle elementor-reverse-tablet elementor-reverse-mobile elementor-section-boxed elementor-section-height-default elementor-section-height-default\" data-id=\"07a0683\" data-element_type=\"section\" data-e-type=\"section\">\n\t\t\t\t\t\t<div class=\"elementor-container elementor-column-gap-wide\">\n\t\t\t\t\t<div class=\"elementor-column elementor-col-50 elementor-inner-column elementor-element elementor-element-519ffba\" data-id=\"519ffba\" data-element_type=\"column\" data-e-type=\"column\">\n\t\t\t<div class=\"elementor-widget-wrap elementor-element-populated\">\n\t\t\t\t\t\t<div class=\"elementor-element elementor-element-00bb635 elementor--h-position-center elementor--v-position-middle elementor-pagination-position-inside elementor-widget elementor-widget-slides\" data-id=\"00bb635\" data-element_type=\"widget\" data-e-type=\"widget\" data-settings=\"{&quot;navigation&quot;:&quot;dots&quot;,&quot;transition&quot;:&quot;fade&quot;,&quot;autoplay&quot;:&quot;yes&quot;,&quot;pause_on_hover&quot;:&quot;yes&quot;,&quot;pause_on_interaction&quot;:&quot;yes&quot;,&quot;autoplay_speed&quot;:5000,&quot;infinite&quot;:&quot;yes&quot;,&quot;transition_speed&quot;:500}\" data-widget_type=\"slides.default\">\n\t\t\t\t<div class=\"elementor-widget-container\">\n\t\t\t\t\t\t\t\t\t<div class=\"elementor-swiper\">\n\t\t\t\t\t<div class=\"elementor-slides-wrapper elementor-main-swiper swiper\" role=\"region\" aria-roledescription=\"carousel\" aria-label=\"Slider\" dir=\"ltr\" data-animation=\"fadeInUp\">\n\t\t\t\t<div class=\"swiper-wrapper elementor-slides\">\n\t\t\t\t\t\t\t\t\t\t<div class=\"elementor-repeater-item-ea38b88 swiper-slide\" role=\"group\" aria-roledescription=\"slide\"><div class=\"swiper-slide-bg\" role=\"img\"><\/div><div class=\"swiper-slide-inner\" ><div class=\"swiper-slide-contents\"><\/div><\/div><\/div><div class=\"elementor-repeater-item-961844d swiper-slide\" role=\"group\" aria-roledescription=\"slide\"><div class=\"swiper-slide-bg\" role=\"img\"><\/div><div class=\"swiper-slide-inner\" ><div class=\"swiper-slide-contents\"><\/div><\/div><\/div><div class=\"elementor-repeater-item-12d3b74 swiper-slide\" role=\"group\" aria-roledescription=\"slide\"><div class=\"swiper-slide-bg\" role=\"img\"><\/div><div class=\"swiper-slide-inner\" ><div class=\"swiper-slide-contents\"><\/div><\/div><\/div>\t\t\t\t<\/div>\n\t\t\t\t\t\t\t\t\t\t\t\t\t\t\t\t\t\t\t\t<div class=\"swiper-pagination\"><\/div>\n\t\t\t\t\t\t\t\t\t\t\t\t<\/div>\n\t\t\t\t<\/div>\n\t\t\t\t\t\t\t\t<\/div>\n\t\t\t\t<\/div>\n\t\t\t\t\t<\/div>\n\t\t<\/div>\n\t\t\t\t<div class=\"elementor-column elementor-col-50 elementor-inner-column elementor-element elementor-element-0efb1df\" data-id=\"0efb1df\" data-element_type=\"column\" data-e-type=\"column\">\n\t\t\t<div class=\"elementor-widget-wrap elementor-element-populated\">\n\t\t\t\t\t\t<div class=\"elementor-element elementor-element-5fc6ee0 elementor-widget elementor-widget-text-editor\" data-id=\"5fc6ee0\" data-element_type=\"widget\" data-e-type=\"widget\" data-widget_type=\"text-editor.default\">\n\t\t\t\t<div class=\"elementor-widget-container\">\n\t\t\t\t\t\t\t\t\t<p>2021 kam der Namenswechsel und im Fr\u00fchling \u00fcbernahm ich das Co-Pr\u00e4sidium der Jungen Mitte Kanton Z\u00fcrich gemeinsam mit Michelle Halbheer. Meine Hauptfunktion als Co-Pr\u00e4sident bestand darin, jungen politisch-interessierten Personen eine Plattform zur Diskussion zu bieten, die auf gegenseitigem Respekt beruht. Dies funktionierte sehr gut, innerhalb eines Jahres wuchsen wir um \u00fcber 100 Prozent. Heute hat die Junge Mitte Z\u00fcrich ca. 130 Mitglieder. Dabei ist und war mir das gesellschaftliche stets von wichtiger Bedeutung. Bei der Lancierung unserer <a href=\"https:\/\/gesundejugendjetzt.ch\">kantonalen Initiative<\/a> organisierten wir eine Kick off Party, mit 2 DJs und \u00fcber 250 Teilnehmenden.<\/p>\n<p>Thematisch stehen wir&#8230;<\/p>\n<p>&#8211; F\u00fcr eine bessere Gesundheitsversorgung psychisch-erkrankter Kinder und Jugendlicher<\/p>\n<p>&#8211; F\u00fcr eine starke Familienpolitik<\/p>\n<p>&#8211; F\u00fcr eine sozial-liberale Wirtschaftspolitik<\/p>\n<p>&#8211; F\u00fcr eine chancengleiche Bildung<\/p>\n<p>&#8211; F\u00fcr eine Klimapolitik, die eine lebenswerte Zukunft erm\u00f6glicht, gleichzeitig aber die Bed\u00fcrfnisse der Bev\u00f6lkerung auf dem Land nicht vergisst<\/p>\t\t\t\t\t\t\t\t<\/div>\n\t\t\t\t<\/div>\n\t\t\t\t\t<\/div>\n\t\t<\/div>\n\t\t\t\t\t<\/div>\n\t\t<\/section>\n\t\t\t\t<section class=\"elementor-section elementor-inner-section elementor-element elementor-element-8cc3e6b elementor-section-content-middle elementor-section-boxed elementor-section-height-default elementor-section-height-default\" data-id=\"8cc3e6b\" data-element_type=\"section\" data-e-type=\"section\">\n\t\t\t\t\t\t<div class=\"elementor-container elementor-column-gap-wide\">\n\t\t\t\t\t<div class=\"elementor-column elementor-col-50 elementor-inner-column elementor-element elementor-element-f36ac5a\" data-id=\"f36ac5a\" data-element_type=\"column\" data-e-type=\"column\">\n\t\t\t<div class=\"elementor-widget-wrap elementor-element-populated\">\n\t\t\t\t\t\t<div class=\"elementor-element elementor-element-d2a0f0c elementor-widget elementor-widget-text-editor\" data-id=\"d2a0f0c\" data-element_type=\"widget\" data-e-type=\"widget\" data-widget_type=\"text-editor.default\">\n\t\t\t\t<div class=\"elementor-widget-container\">\n\t\t\t\t\t\t\t\t\t<h3>Unsere Vision<\/h3><p>Wir stehen ein f\u00fcr Gerechtigkeit, Menschenw\u00fcrde und Solidarit\u00e4t. Alle sollen die M\u00f6glichkeit haben, ihren Weg in der Schweiz zu gehen. Daf\u00fcr m\u00fcssen alle ihren Beitrag leisten, individuell Verantwortung \u00fcbernehmen und an gemeinsamen L\u00f6sungen mitwirken. Im Gegenzug darf niemand durch alle Netze fallen. Jeder Mensch, der sich einsetzt und einbringt, ist ein Gewinn f\u00fcr die Gesellschaft.<\/p><p>Die sprachliche, kulturelle und politische Vielfalt, sowie die internationale Vernetzung der Schweiz sehen wir als St\u00e4rke. Sie gibt uns Stabilit\u00e4t und Sicherheit, wof\u00fcr wir weit \u00fcber die Grenzen hinaus gesch\u00e4tzt werden.<\/p><p>Wir setzen uns daf\u00fcr ein, dass nicht auf Kosten der zuk\u00fcnftigen Generationen gelebt wird. Darum nehmen wir Nachhaltigkeit in allen Belangen ernst und stellen uns den Herausforderungen von heute und morgen.\u00a0<\/p><p>Wir wollen eine Schweiz, auf die man auch in Zukunft stolz ist. Daf\u00fcr braucht es den Mut, in Ver\u00e4nderungen Chancen zu sehen und sie gegen Widerst\u00e4nde zu vertreten und durchzusetzen.<\/p>\t\t\t\t\t\t\t\t<\/div>\n\t\t\t\t<\/div>\n\t\t\t\t\t<\/div>\n\t\t<\/div>\n\t\t\t\t<div class=\"elementor-column elementor-col-50 elementor-inner-column elementor-element elementor-element-890efa9\" data-id=\"890efa9\" data-element_type=\"column\" data-e-type=\"column\">\n\t\t\t<div class=\"elementor-widget-wrap elementor-element-populated\">\n\t\t\t\t\t\t<div class=\"elementor-element elementor-element-0b1733b elementor-widget elementor-widget-image\" data-id=\"0b1733b\" data-element_type=\"widget\" data-e-type=\"widget\" data-widget_type=\"image.default\">\n\t\t\t\t<div class=\"elementor-widget-container\">\n\t\t\t\t\t\t\t\t\t\t\t\t\t\t\t<img fetchpriority=\"high\" decoding=\"async\" width=\"1024\" height=\"915\" src=\"https:\/\/benediktschmid.ch\/wp-content\/uploads\/2022\/12\/JM2010320von20333-1024x915.jpg\" class=\"attachment-large size-large wp-image-1440\" alt=\"\" srcset=\"https:\/\/benediktschmid.ch\/wp-content\/uploads\/2022\/12\/JM2010320von20333-1024x915.jpg 1024w, https:\/\/benediktschmid.ch\/wp-content\/uploads\/2022\/12\/JM2010320von20333-300x268.jpg 300w, https:\/\/benediktschmid.ch\/wp-content\/uploads\/2022\/12\/JM2010320von20333-768x686.jpg 768w, https:\/\/benediktschmid.ch\/wp-content\/uploads\/2022\/12\/JM2010320von20333-1536x1372.jpg 1536w, https:\/\/benediktschmid.ch\/wp-content\/uploads\/2022\/12\/JM2010320von20333-2048x1830.jpg 2048w\" sizes=\"(max-width: 1024px) 100vw, 1024px\" \/>\t\t\t\t\t\t\t\t\t\t\t\t\t\t\t<\/div>\n\t\t\t\t<\/div>\n\t\t\t\t\t<\/div>\n\t\t<\/div>\n\t\t\t\t\t<\/div>\n\t\t<\/section>\n\t\t\t\t<div class=\"elementor-element elementor-element-887157b elementor-widget elementor-widget-spacer\" data-id=\"887157b\" data-element_type=\"widget\" data-e-type=\"widget\" data-widget_type=\"spacer.default\">\n\t\t\t\t<div class=\"elementor-widget-container\">\n\t\t\t\t\t\t\t<div class=\"elementor-spacer\">\n\t\t\t<div class=\"elementor-spacer-inner\"><\/div>\n\t\t<\/div>\n\t\t\t\t\t\t<\/div>\n\t\t\t\t<\/div>\n\t\t\t\t<div class=\"elementor-element elementor-element-217bda5 elementor-align-center elementor-widget elementor-widget-button\" data-id=\"217bda5\" data-element_type=\"widget\" data-e-type=\"widget\" data-widget_type=\"button.default\">\n\t\t\t\t<div class=\"elementor-widget-container\">\n\t\t\t\t\t\t\t\t\t<div class=\"elementor-button-wrapper\">\n\t\t\t\t\t<a class=\"elementor-button elementor-button-link elementor-size-sm\" href=\"https:\/\/diejungemitte-zh.ch\/mitglied-werden\" target=\"_blank\">\n\t\t\t\t\t\t<span class=\"elementor-button-content-wrapper\">\n\t\t\t\t\t\t\t\t\t<span class=\"elementor-button-text\">Werde Mitglied der Jungen Mitte!<\/span>\n\t\t\t\t\t<\/span>\n\t\t\t\t\t<\/a>\n\t\t\t\t<\/div>\n\t\t\t\t\t\t\t\t<\/div>\n\t\t\t\t<\/div>\n\t\t\t\t<div class=\"elementor-element elementor-element-ba507b8 elementor-widget elementor-widget-spacer\" data-id=\"ba507b8\" data-element_type=\"widget\" data-e-type=\"widget\" data-widget_type=\"spacer.default\">\n\t\t\t\t<div class=\"elementor-widget-container\">\n\t\t\t\t\t\t\t<div class=\"elementor-spacer\">\n\t\t\t<div class=\"elementor-spacer-inner\"><\/div>\n\t\t<\/div>\n\t\t\t\t\t\t<\/div>\n\t\t\t\t<\/div>\n\t\t\t\t\t<\/div>\n\t\t<\/div>\n\t\t\t\t\t<\/div>\n\t\t<\/section>\n\t\t\t\t<section class=\"elementor-section elementor-top-section elementor-element elementor-element-98280b1 elementor-section-boxed elementor-section-height-default elementor-section-height-default\" data-id=\"98280b1\" data-element_type=\"section\" data-e-type=\"section\" data-settings=\"{&quot;background_background&quot;:&quot;classic&quot;}\">\n\t\t\t\t\t\t<div class=\"elementor-container elementor-column-gap-default\">\n\t\t\t\t\t<div class=\"elementor-column elementor-col-100 elementor-top-column elementor-element elementor-element-6afe1d8\" data-id=\"6afe1d8\" data-element_type=\"column\" data-e-type=\"column\">\n\t\t\t<div class=\"elementor-widget-wrap elementor-element-populated\">\n\t\t\t\t\t\t<div class=\"elementor-element elementor-element-eaa1c03 elementor-widget elementor-widget-spacer\" data-id=\"eaa1c03\" data-element_type=\"widget\" data-e-type=\"widget\" data-widget_type=\"spacer.default\">\n\t\t\t\t<div class=\"elementor-widget-container\">\n\t\t\t\t\t\t\t<div class=\"elementor-spacer\">\n\t\t\t<div class=\"elementor-spacer-inner\"><\/div>\n\t\t<\/div>\n\t\t\t\t\t\t<\/div>\n\t\t\t\t<\/div>\n\t\t\t\t<div class=\"elementor-element elementor-element-a6640c4 elementor-invisible elementor-widget elementor-widget-text-editor\" data-id=\"a6640c4\" data-element_type=\"widget\" data-e-type=\"widget\" data-settings=\"{&quot;_animation&quot;:&quot;zoomIn&quot;}\" data-widget_type=\"text-editor.default\">\n\t\t\t\t<div class=\"elementor-widget-container\">\n\t\t\t\t\t\t\t\t\t<h3><strong>Bleibe auf dem Laufenden<\/strong><\/h3>\t\t\t\t\t\t\t\t<\/div>\n\t\t\t\t<\/div>\n\t\t\t\t<div class=\"elementor-element elementor-element-75c6d87 animated-fast elementor-invisible elementor-widget elementor-widget-wpforms\" data-id=\"75c6d87\" data-element_type=\"widget\" data-e-type=\"widget\" data-settings=\"{&quot;_animation&quot;:&quot;pulse&quot;,&quot;_animation_delay&quot;:0}\" data-widget_type=\"wpforms.default\">\n\t\t\t\t<div class=\"elementor-widget-container\">\n\t\t\t\t\t<div class=\"wpforms-container \" id=\"wpforms-2558\"><form id=\"wpforms-form-2558\" class=\"wpforms-validate wpforms-form wpforms-ajax-form\" data-formid=\"2558\" method=\"post\" enctype=\"multipart\/form-data\" action=\"\/index.php?rest_route=%2Fwp%2Fv2%2Fpages%2F1229\" data-token=\"e6075e98d2d028ec08c26609e22bad30\" data-token-time=\"1777444785\"><noscript class=\"wpforms-error-noscript\">Bitte aktiviere JavaScript in deinem Browser, um dieses Formular fertigzustellen.<\/noscript><div class=\"wpforms-field-container\"><div id=\"wpforms-2558-field_1-container\" class=\"wpforms-field wpforms-field-name\" data-field-id=\"1\"><label class=\"wpforms-field-label\">Name <span class=\"wpforms-required-label\">*<\/span><\/label><div class=\"wpforms-field-row wpforms-field-medium\"><div class=\"wpforms-field-row-block wpforms-first wpforms-one-half\"><input type=\"text\" id=\"wpforms-2558-field_1\" class=\"wpforms-field-name-first wpforms-field-required\" name=\"wpforms[fields][1][first]\" required><label for=\"wpforms-2558-field_1\" class=\"wpforms-field-sublabel after\">Vorname<\/label><\/div><div class=\"wpforms-field-row-block wpforms-one-half\"><input type=\"text\" id=\"wpforms-2558-field_1-last\" class=\"wpforms-field-name-last wpforms-field-required\" name=\"wpforms[fields][1][last]\" required><label for=\"wpforms-2558-field_1-last\" class=\"wpforms-field-sublabel after\">Nachname<\/label><\/div><\/div><\/div><div id=\"wpforms-2558-field_2-container\" class=\"wpforms-field wpforms-field-email\" data-field-id=\"2\"><label class=\"wpforms-field-label\" for=\"wpforms-2558-field_2\">Email <span class=\"wpforms-required-label\">*<\/span><\/label><input type=\"email\" id=\"wpforms-2558-field_2\" class=\"wpforms-field-medium wpforms-field-required\" name=\"wpforms[fields][2]\" spellcheck=\"false\" required><\/div><\/div><!-- .wpforms-field-container --><div class=\"wpforms-submit-container\" ><input type=\"hidden\" name=\"wpforms[id]\" value=\"2558\"><input type=\"hidden\" name=\"page_title\" value=\"\"><input type=\"hidden\" name=\"page_url\" value=\"https:\/\/benediktschmid.ch\/index.php?rest_route=\/wp\/v2\/pages\/1229\"><input type=\"hidden\" name=\"url_referer\" value=\"\"><button type=\"submit\" name=\"wpforms[submit]\" id=\"wpforms-submit-2558\" class=\"wpforms-submit\" data-alt-text=\"Sending...\" data-submit-text=\"Senden\" aria-live=\"assertive\" value=\"wpforms-submit\">Senden<\/button><img decoding=\"async\" src=\"https:\/\/benediktschmid.ch\/wp-content\/plugins\/wpforms-lite\/assets\/images\/submit-spin.svg\" class=\"wpforms-submit-spinner\" style=\"display: none;\" width=\"26\" height=\"26\" alt=\"Wird geladen\"><\/div><\/form><\/div>  <!-- .wpforms-container -->\t\t\t\t<\/div>\n\t\t\t\t<\/div>\n\t\t\t\t<div class=\"elementor-element elementor-element-32d539c elementor-widget elementor-widget-spacer\" data-id=\"32d539c\" data-element_type=\"widget\" data-e-type=\"widget\" data-widget_type=\"spacer.default\">\n\t\t\t\t<div class=\"elementor-widget-container\">\n\t\t\t\t\t\t\t<div class=\"elementor-spacer\">\n\t\t\t<div class=\"elementor-spacer-inner\"><\/div>\n\t\t<\/div>\n\t\t\t\t\t\t<\/div>\n\t\t\t\t<\/div>\n\t\t\t\t\t<\/div>\n\t\t<\/div>\n\t\t\t\t\t<\/div>\n\t\t<\/section>\n\t\t\t\t<\/div>\n\t\t","protected":false},"excerpt":{"rendered":"<p>Junge mitte Du bEni wiEsO biScH dU iDe miTTi? Im Vorfeld der Eidgen\u00f6ssischen Wahlen 2019 habe ich ein NZZ-Interview von Sarah B\u00fcnter gesehen, in dem sie die JCVP vorgestellt hat. Auch wenn ich reformiert bin interessierte mich das C nicht. Entscheidend war ihre freundliche und gelassene Art ein Interview zu geben ohne auf eine andere [&hellip;]<\/p>\n","protected":false},"author":1,"featured_media":0,"parent":494,"menu_order":0,"comment_status":"closed","ping_status":"closed","template":"","meta":{"_uag_custom_page_level_css":"","site-sidebar-layout":"no-sidebar","site-content-layout":"page-builder","ast-site-content-layout":"default","site-content-style":"default","site-sidebar-style":"default","ast-global-header-display":"","ast-banner-title-visibility":"","ast-main-header-display":"","ast-hfb-above-header-display":"","ast-hfb-below-header-display":"","ast-hfb-mobile-header-display":"","site-post-title":"disabled","ast-breadcrumbs-content":"","ast-featured-img":"disabled","footer-sml-layout":"","ast-disable-related-posts":"","theme-transparent-header-meta":"","adv-header-id-meta":"","stick-header-meta":"","header-above-stick-meta":"","header-main-stick-meta":"","header-below-stick-meta":"","astra-migrate-meta-layouts":"default","ast-page-background-enabled":"default","ast-page-background-meta":{"desktop":{"background-color":"","background-image":"","background-repeat":"repeat","background-position":"center center","background-size":"auto","background-attachment":"scroll","background-type":"","background-media":"","overlay-type":"","overlay-color":"","overlay-opacity":"","overlay-gradient":""},"tablet":{"background-color":"","background-image":"","background-repeat":"repeat","background-position":"center center","background-size":"auto","background-attachment":"scroll","background-type":"","background-media":"","overlay-type":"","overlay-color":"","overlay-opacity":"","overlay-gradient":""},"mobile":{"background-color":"","background-image":"","background-repeat":"repeat","background-position":"center center","background-size":"auto","background-attachment":"scroll","background-type":"","background-media":"","overlay-type":"","overlay-color":"","overlay-opacity":"","overlay-gradient":""}},"ast-content-background-meta":{"desktop":{"background-color":"var(--ast-global-color-5)","background-image":"","background-repeat":"repeat","background-position":"center center","background-size":"auto","background-attachment":"scroll","background-type":"","background-media":"","overlay-type":"","overlay-color":"","overlay-opacity":"","overlay-gradient":""},"tablet":{"background-color":"var(--ast-global-color-5)","background-image":"","background-repeat":"repeat","background-position":"center center","background-size":"auto","background-attachment":"scroll","background-type":"","background-media":"","overlay-type":"","overlay-color":"","overlay-opacity":"","overlay-gradient":""},"mobile":{"background-color":"var(--ast-global-color-5)","background-image":"","background-repeat":"repeat","background-position":"center center","background-size":"auto","background-attachment":"scroll","background-type":"","background-media":"","overlay-type":"","overlay-color":"","overlay-opacity":"","overlay-gradient":""}},"footnotes":""},"class_list":["post-1229","page","type-page","status-publish","hentry"],"uagb_featured_image_src":{"full":false,"thumbnail":false,"medium":false,"medium_large":false,"large":false,"1536x1536":false,"2048x2048":false},"uagb_author_info":{"display_name":"Benedikt Schmid","author_link":"https:\/\/benediktschmid.ch\/?author=1"},"uagb_comment_info":0,"uagb_excerpt":"Junge mitte Du bEni wiEsO biScH dU iDe miTTi? Im Vorfeld der Eidgen\u00f6ssischen Wahlen 2019 habe ich ein NZZ-Interview von Sarah B\u00fcnter gesehen, in dem sie die JCVP vorgestellt hat. Auch wenn ich reformiert bin interessierte mich das C nicht. Entscheidend war ihre freundliche und gelassene Art ein Interview zu geben ohne auf eine andere&hellip;","_links":{"self":[{"href":"https:\/\/benediktschmid.ch\/index.php?rest_route=\/wp\/v2\/pages\/1229","targetHints":{"allow":["GET"]}}],"collection":[{"href":"https:\/\/benediktschmid.ch\/index.php?rest_route=\/wp\/v2\/pages"}],"about":[{"href":"https:\/\/benediktschmid.ch\/index.php?rest_route=\/wp\/v2\/types\/page"}],"author":[{"embeddable":true,"href":"https:\/\/benediktschmid.ch\/index.php?rest_route=\/wp\/v2\/users\/1"}],"replies":[{"embeddable":true,"href":"https:\/\/benediktschmid.ch\/index.php?rest_route=%2Fwp%2Fv2%2Fcomments&post=1229"}],"version-history":[{"count":136,"href":"https:\/\/benediktschmid.ch\/index.php?rest_route=\/wp\/v2\/pages\/1229\/revisions"}],"predecessor-version":[{"id":3223,"href":"https:\/\/benediktschmid.ch\/index.php?rest_route=\/wp\/v2\/pages\/1229\/revisions\/3223"}],"up":[{"embeddable":true,"href":"https:\/\/benediktschmid.ch\/index.php?rest_route=\/wp\/v2\/pages\/494"}],"wp:attachment":[{"href":"https:\/\/benediktschmid.ch\/index.php?rest_route=%2Fwp%2Fv2%2Fmedia&parent=1229"}],"curies":[{"name":"wp","href":"https:\/\/api.w.org\/{rel}","templated":true}]}}